{"id":10760,"date":"2025-08-27T17:35:50","date_gmt":"2025-08-27T15:35:50","guid":{"rendered":"https:\/\/fogecnew.serviceplus-llg.com\/?page_id=10760"},"modified":"2025-09-03T04:23:34","modified_gmt":"2025-09-03T03:23:34","slug":"actualite","status":"publish","type":"page","link":"https:\/\/fogec.cd\/portal\/actualite\/","title":{"rendered":"Actualit\u00e9"},"content":{"rendered":"\t\t<div data-elementor-type=\"wp-page\" data-elementor-id=\"10760\" class=\"elementor elementor-10760\">\n\t\t\t\t\t\t<section class=\"elementor-section elementor-top-section elementor-element elementor-element-ccf9467 elementor-section-stretched elementor-section-boxed elementor-section-height-default elementor-section-height-default\" data-id=\"ccf9467\" data-element_type=\"section\" data-settings=\"{&quot;stretch_section&quot;:&quot;section-stretched&quot;}\">\n\t\t\t\t\t\t<div class=\"elementor-container elementor-column-gap-default\">\n\t\t\t\t\t<div class=\"elementor-column elementor-col-100 elementor-top-column elementor-element elementor-element-ace4b4c\" data-id=\"ace4b4c\" data-element_type=\"column\">\n\t\t\t<div class=\"elementor-widget-wrap elementor-element-populated\">\n\t\t\t\t\t\t<div class=\"elementor-element elementor-element-83c5afc elementor-widget elementor-widget-mo-heading-block\" data-id=\"83c5afc\" data-element_type=\"widget\" data-widget_type=\"mo-heading-block.default\">\n\t\t\t\t<div class=\"elementor-widget-container\">\n\t\t\t\t\t<div class=\"mo-element-mo-heading-block mo-element\">   <div class=\"mo-title-box title-box-style-3 text-left\">\n      <div class=\"content-inner\">\n                     <h5 class=\"sub-title\" data-title=\"A LA UNE\"><span>A LA UNE<\/span><\/h5>\n           \n                     <h3 class=\"title\">D\u00e9couvrez l'int\u00e9gralit\u00e9 de notre actualit\u00e9<\/h3>\n                              <div class=\"title-desc\">Plongez au c\u0153ur de nos initiatives et suivez en continu nos derni\u00e8res informations.<\/div>\n               <\/div>\n   <\/div>\n   <div class=\"clearfix\"><\/div><\/div>\t\t\t\t<\/div>\n\t\t\t\t<\/div>\n\t\t\t\t<div class=\"elementor-element elementor-element-0d986a4 elementor-widget elementor-widget-mo-posts\" data-id=\"0d986a4\" data-element_type=\"widget\" data-widget_type=\"mo-posts.default\">\n\t\t\t\t<div class=\"elementor-widget-container\">\n\t\t\t\t\t<div class=\"mo-element-mo-posts mo-element\"><div class=\"mo-posts-grid clearfix mo-posts\">\n  <div class=\"mo-content-items\"> \n    <div class=\"lg-block-grid-3 md-block-grid-3 sm-block-grid-2 xs-block-grid-1 xx-block-grid-1\">\n    <div id=\"post-11078\" class=\"post-11078 post type-post status-publish format-standard has-post-thumbnail hentry category-fogec-news tag-entrepreneuriat tag-financement tag-fogec tag-innovant\">\n\t<div class=\"grid-mid-post\">\n\t<div class=\"format-post\">\n\t\t\t<figure>\n\t\t\t\t<a class=\"arrow-post\" href=\"https:\/\/fogec.cd\/portal\/2026\/03\/25\/le-fogec-au-gouvernail-du-financement-innovant-en-rdc\/\"> <span><\/span><\/a>\n\t\t\t\t<a href=\"https:\/\/fogec.cd\/portal\/2026\/03\/25\/le-fogec-au-gouvernail-du-financement-innovant-en-rdc\/\"><img fetchpriority=\"high\" decoding=\"async\" width=\"720\" height=\"520\" src=\"https:\/\/fogec.cd\/portal\/wp-content\/uploads\/2026\/03\/IMG_9774.JPG-720x520.jpeg\" class=\"attachment-saga-small size-saga-small wp-post-image\" alt=\"\" \/><\/a>\n\t\t\t<\/figure>\n\t\t<div class=\"content-post\">\t\t  \n\t\t    <a class=\"cat-name\" href=\"https:\/\/fogec.cd\/portal\/category\/fogec-news\/\">Fogec News<\/a>\n\t\t\t<h3 class=\"post-title\"><a href=\"https:\/\/fogec.cd\/portal\/2026\/03\/25\/le-fogec-au-gouvernail-du-financement-innovant-en-rdc\/\"> Le FOGEC au gouvernail du financement innovant en RDC<\/a><\/h3>\n\t\t\t<ul class=\"meta-post\">\n\t\t\t\t<li class=\"date\">mars 25, 2026<\/li>\n\t\t\t\t<li><div class=\"author\">Bruce LOMENGO<\/div><\/li>\n\t\t\t<\/ul>\n\t\t<\/div><\/div>\t<\/div>\n<\/div>       <div id=\"post-11027\" class=\"post-11027 post type-post status-publish format-standard has-post-thumbnail hentry category-fogec-news tag-financement tag-fogec tag-garantie tag-innovation\">\n\t<div class=\"grid-mid-post\">\n\t<div class=\"format-post\">\n\t\t\t<figure>\n\t\t\t\t<a class=\"arrow-post\" href=\"https:\/\/fogec.cd\/portal\/2026\/01\/26\/financement-innovant-le-fogec-au-coeur-des-reflexions-sur-le-crowdfunding-et-les-business-angels-en-rdc\/\"> <span><\/span><\/a>\n\t\t\t\t<a href=\"https:\/\/fogec.cd\/portal\/2026\/01\/26\/financement-innovant-le-fogec-au-coeur-des-reflexions-sur-le-crowdfunding-et-les-business-angels-en-rdc\/\"><img decoding=\"async\" width=\"720\" height=\"520\" src=\"https:\/\/fogec.cd\/portal\/wp-content\/uploads\/2026\/01\/IMG_8349.JPG-720x520.jpeg\" class=\"attachment-saga-small size-saga-small wp-post-image\" alt=\"\" \/><\/a>\n\t\t\t<\/figure>\n\t\t<div class=\"content-post\">\t\t  \n\t\t    <a class=\"cat-name\" href=\"https:\/\/fogec.cd\/portal\/category\/fogec-news\/\">Fogec News<\/a>\n\t\t\t<h3 class=\"post-title\"><a href=\"https:\/\/fogec.cd\/portal\/2026\/01\/26\/financement-innovant-le-fogec-au-coeur-des-reflexions-sur-le-crowdfunding-et-les-business-angels-en-rdc\/\"> le FOGEC au c\u0153ur des r\u00e9flexions sur le crowdfunding et les business angels en RDC<\/a><\/h3>\n\t\t\t<ul class=\"meta-post\">\n\t\t\t\t<li class=\"date\">janvier 26, 2026<\/li>\n\t\t\t\t<li><div class=\"author\">Bruce LOMENGO<\/div><\/li>\n\t\t\t<\/ul>\n\t\t<\/div><\/div>\t<\/div>\n<\/div>       <div id=\"post-11059\" class=\"post-11059 post type-post status-publish format-standard has-post-thumbnail hentry category-fogec-news\">\n\t<div class=\"grid-mid-post\">\n\t<div class=\"format-post\">\n\t\t\t<figure>\n\t\t\t\t<a class=\"arrow-post\" href=\"https:\/\/fogec.cd\/portal\/2025\/12\/17\/5-ans-du-fogec-le-dg-laurent-munzemba-face-a-la-presse\/\"> <span><\/span><\/a>\n\t\t\t\t<a href=\"https:\/\/fogec.cd\/portal\/2025\/12\/17\/5-ans-du-fogec-le-dg-laurent-munzemba-face-a-la-presse\/\"><img decoding=\"async\" width=\"720\" height=\"520\" src=\"https:\/\/fogec.cd\/portal\/wp-content\/uploads\/2026\/02\/FLP_0139.jpg-720x520.jpeg\" class=\"attachment-saga-small size-saga-small wp-post-image\" alt=\"\" \/><\/a>\n\t\t\t<\/figure>\n\t\t<div class=\"content-post\">\t\t  \n\t\t    <a class=\"cat-name\" href=\"https:\/\/fogec.cd\/portal\/category\/fogec-news\/\">Fogec News<\/a>\n\t\t\t<h3 class=\"post-title\"><a href=\"https:\/\/fogec.cd\/portal\/2025\/12\/17\/5-ans-du-fogec-le-dg-laurent-munzemba-face-a-la-presse\/\"> 5 ans du FOGEC : le DG Laurent Munzemba face \u00e0 la presse<\/a><\/h3>\n\t\t\t<ul class=\"meta-post\">\n\t\t\t\t<li class=\"date\">d\u00e9cembre 17, 2025<\/li>\n\t\t\t\t<li><div class=\"author\">Eunice Luyeye<\/div><\/li>\n\t\t\t<\/ul>\n\t\t<\/div><\/div>\t<\/div>\n<\/div>       <div id=\"post-10790\" class=\"post-10790 post type-post status-publish format-standard has-post-thumbnail hentry category-fogec-news tag-business-plan tag-entrepreneuriat tag-financement tag-fogec tag-garantie\">\n\t<div class=\"grid-mid-post\">\n\t<div class=\"format-post\">\n\t\t\t<figure>\n\t\t\t\t<a class=\"arrow-post\" href=\"https:\/\/fogec.cd\/portal\/2025\/05\/20\/drc_tax_masolo-le_fogec_promeut_une_fiscalite_equitable_et_inclusive\/\"> <span><\/span><\/a>\n\t\t\t\t<a href=\"https:\/\/fogec.cd\/portal\/2025\/05\/20\/drc_tax_masolo-le_fogec_promeut_une_fiscalite_equitable_et_inclusive\/\"><img loading=\"lazy\" decoding=\"async\" width=\"720\" height=\"520\" src=\"https:\/\/fogec.cd\/portal\/wp-content\/uploads\/2022\/01\/500150564_698949486017230_823999732584325247_n-720x520.jpg\" class=\"attachment-saga-small size-saga-small wp-post-image\" alt=\"\" \/><\/a>\n\t\t\t<\/figure>\n\t\t<div class=\"content-post\">\t\t  \n\t\t    <a class=\"cat-name\" href=\"https:\/\/fogec.cd\/portal\/category\/fogec-news\/\">Fogec News<\/a>\n\t\t\t<h3 class=\"post-title\"><a href=\"https:\/\/fogec.cd\/portal\/2025\/05\/20\/drc_tax_masolo-le_fogec_promeut_une_fiscalite_equitable_et_inclusive\/\"> DRC Tax Masolo : le FOGEC promeut une fiscalit\u00e9 \u00e9quitable et inclusive.<\/a><\/h3>\n\t\t\t<ul class=\"meta-post\">\n\t\t\t\t<li class=\"date\">mai 20, 2025<\/li>\n\t\t\t\t<li><div class=\"author\">Bruce LOMENGO<\/div><\/li>\n\t\t\t<\/ul>\n\t\t<\/div><\/div>\t<\/div>\n<\/div>       <div id=\"post-10792\" class=\"post-10792 post type-post status-publish format-standard has-post-thumbnail hentry category-fogec-news tag-business-plan tag-cohorte tag-entrepreneuriat tag-financement tag-fogec tag-garantie tag-vijana\">\n\t<div class=\"grid-mid-post\">\n\t<div class=\"format-post\">\n\t\t\t<figure>\n\t\t\t\t<a class=\"arrow-post\" href=\"https:\/\/fogec.cd\/portal\/2025\/05\/02\/journee_dechange_a_lintention_des_beneficiaires_de_la_4eme_cohorte\/\"> <span><\/span><\/a>\n\t\t\t\t<a href=\"https:\/\/fogec.cd\/portal\/2025\/05\/02\/journee_dechange_a_lintention_des_beneficiaires_de_la_4eme_cohorte\/\"><img loading=\"lazy\" decoding=\"async\" width=\"720\" height=\"520\" src=\"https:\/\/fogec.cd\/portal\/wp-content\/uploads\/2022\/01\/F2AEGIFWAAEdF_6-720x520.jpeg\" class=\"attachment-saga-small size-saga-small wp-post-image\" alt=\"\" \/><\/a>\n\t\t\t<\/figure>\n\t\t<div class=\"content-post\">\t\t  \n\t\t    <a class=\"cat-name\" href=\"https:\/\/fogec.cd\/portal\/category\/fogec-news\/\">Fogec News<\/a>\n\t\t\t<h3 class=\"post-title\"><a href=\"https:\/\/fogec.cd\/portal\/2025\/05\/02\/journee_dechange_a_lintention_des_beneficiaires_de_la_4eme_cohorte\/\"> Journ\u00e9e d&rsquo;\u00e9change \u00e0 l&rsquo;intention des B\u00e9n\u00e9ficiaires de la 4\u00e8me Cohorte<\/a><\/h3>\n\t\t\t<ul class=\"meta-post\">\n\t\t\t\t<li class=\"date\">mai 2, 2025<\/li>\n\t\t\t\t<li><div class=\"author\">Bruce LOMENGO<\/div><\/li>\n\t\t\t<\/ul>\n\t\t<\/div><\/div>\t<\/div>\n<\/div>       <div id=\"post-10791\" class=\"post-10791 post type-post status-publish format-standard has-post-thumbnail hentry category-fogec-news tag-business-plan tag-entrepreneuriat tag-financement tag-fogec tag-garantie\">\n\t<div class=\"grid-mid-post\">\n\t<div class=\"format-post\">\n\t\t\t<figure>\n\t\t\t\t<a class=\"arrow-post\" href=\"https:\/\/fogec.cd\/portal\/2025\/03\/13\/rencontre_avec_les_entrepreneurs_beneficiaires_du_fogec\/\"> <span><\/span><\/a>\n\t\t\t\t<a href=\"https:\/\/fogec.cd\/portal\/2025\/03\/13\/rencontre_avec_les_entrepreneurs_beneficiaires_du_fogec\/\"><img loading=\"lazy\" decoding=\"async\" width=\"720\" height=\"520\" src=\"https:\/\/fogec.cd\/portal\/wp-content\/uploads\/2022\/01\/DSC_8395-scaled-1-720x520.jpg\" class=\"attachment-saga-small size-saga-small wp-post-image\" alt=\"\" \/><\/a>\n\t\t\t<\/figure>\n\t\t<div class=\"content-post\">\t\t  \n\t\t    <a class=\"cat-name\" href=\"https:\/\/fogec.cd\/portal\/category\/fogec-news\/\">Fogec News<\/a>\n\t\t\t<h3 class=\"post-title\"><a href=\"https:\/\/fogec.cd\/portal\/2025\/03\/13\/rencontre_avec_les_entrepreneurs_beneficiaires_du_fogec\/\"> Rencontre avec les entrepreneurs b\u00e9n\u00e9ficiaires du FOGEC<\/a><\/h3>\n\t\t\t<ul class=\"meta-post\">\n\t\t\t\t<li class=\"date\">mars 13, 2025<\/li>\n\t\t\t\t<li><div class=\"author\">Bruce LOMENGO<\/div><\/li>\n\t\t\t<\/ul>\n\t\t<\/div><\/div>\t<\/div>\n<\/div>           <\/div>\n  <\/div>\n        <div class=\"pagination\">\n                <\/div>\n  <\/div>\n<\/div>\t\t\t\t<\/div>\n\t\t\t\t<\/div>\n\t\t\t\t\t<\/div>\n\t\t<\/div>\n\t\t\t\t\t<\/div>\n\t\t<\/section>\n\t\t\t\t<section class=\"elementor-section elementor-top-section elementor-element elementor-element-597a348 elementor-section-full_width bg-gradient-dark1 elementor-section-stretched elementor-section-height-default elementor-section-height-default\" data-id=\"597a348\" data-element_type=\"section\" data-settings=\"{&quot;background_background&quot;:&quot;gradient&quot;,&quot;stretch_section&quot;:&quot;section-stretched&quot;}\">\n\t\t\t\t\t\t<div class=\"elementor-container elementor-column-gap-default\">\n\t\t\t\t\t<div class=\"elementor-column elementor-col-100 elementor-top-column elementor-element elementor-element-f53db64\" data-id=\"f53db64\" data-element_type=\"column\">\n\t\t\t<div class=\"elementor-widget-wrap\">\n\t\t\t\t\t\t\t<\/div>\n\t\t<\/div>\n\t\t\t\t\t<\/div>\n\t\t<\/section>\n\t\t\t\t<\/div>\n\t\t","protected":false},"excerpt":{"rendered":"<p>A LA UNE D\u00e9couvrez l&rsquo;int\u00e9gralit\u00e9 de notre actualit\u00e9 Plongez au c\u0153ur de nos initiatives et suivez en continu nos derni\u00e8res informations. Fogec News Journ\u00e9e d&rsquo;\u00e9change \u00e0 l&rsquo;intention des B\u00e9n\u00e9ficiaires de la 4\u00e8me Cohorte janvier 27, 2022 Bruce LOMENGO Fogec News Rencontre avec les entrepreneurs b\u00e9n\u00e9ficiaires du FOGEC janvier 27, 2022 Bruce LOMENGO Fogec News DRC [&hellip;]<\/p>\n","protected":false},"author":2,"featured_media":0,"parent":0,"menu_order":0,"comment_status":"closed","ping_status":"closed","template":"","meta":{"footnotes":""},"class_list":["post-10760","page","type-page","status-publish","hentry"],"_links":{"self":[{"href":"https:\/\/fogec.cd\/portal\/wp-json\/wp\/v2\/pages\/10760","targetHints":{"allow":["GET"]}}],"collection":[{"href":"https:\/\/fogec.cd\/portal\/wp-json\/wp\/v2\/pages"}],"about":[{"href":"https:\/\/fogec.cd\/portal\/wp-json\/wp\/v2\/types\/page"}],"author":[{"embeddable":true,"href":"https:\/\/fogec.cd\/portal\/wp-json\/wp\/v2\/users\/2"}],"replies":[{"embeddable":true,"href":"https:\/\/fogec.cd\/portal\/wp-json\/wp\/v2\/comments?post=10760"}],"version-history":[{"count":6,"href":"https:\/\/fogec.cd\/portal\/wp-json\/wp\/v2\/pages\/10760\/revisions"}],"predecessor-version":[{"id":10955,"href":"https:\/\/fogec.cd\/portal\/wp-json\/wp\/v2\/pages\/10760\/revisions\/10955"}],"wp:attachment":[{"href":"https:\/\/fogec.cd\/portal\/wp-json\/wp\/v2\/media?parent=10760"}],"curies":[{"name":"wp","href":"https:\/\/api.w.org\/{rel}","templated":true}]}}